{"id":40,"date":"2016-08-05T02:03:00","date_gmt":"2016-08-05T00:03:00","guid":{"rendered":"http:\/\/www.tc-karlsruhe-west.de\/?page_id=40"},"modified":"2025-06-11T20:09:43","modified_gmt":"2025-06-11T18:09:43","slug":"40-2","status":"publish","type":"page","link":"https:\/\/www.tc-karlsruhe-west.de\/?page_id=40","title":{"rendered":"Vorstand"},"content":{"rendered":"<p><span style=\"font-size: 20pt;\"><strong><img loading=\"lazy\" class=\"alignleft wp-image-4753\" src=\"http:\/\/www.tc-karlsruhe-west.de\/wp-content\/uploads\/Leni-2018-1-275x300.jpg\" alt=\"Leni Sportwart TC West\" width=\"161\" height=\"176\"><\/strong><\/span><\/p>\r\n<p><span style=\"font-size: 20pt;\"><strong>Pr\u00e4sidentin<\/strong><\/span><\/p>\r\n<p><span style=\"font-size: 12pt;\">Marlene Kurtz<br><\/span><br><span style=\"font-size: 12pt;\">E-Mail: praesident@tc-karlsruhe-west.de<\/span><\/p>\r\n<p>&nbsp;<\/p>\r\n<p><span style=\"font-size: 20pt;\"><strong><img loading=\"lazy\" class=\"alignleft wp-image-2032\" src=\"http:\/\/www.tc-karlsruhe-west.de\/wp-content\/uploads\/Julian-226x300.jpg\" alt=\"\" width=\"150\" height=\"199\" srcset=\"https:\/\/www.tc-karlsruhe-west.de\/wp-content\/uploads\/Julian-226x300.jpg 226w, https:\/\/www.tc-karlsruhe-west.de\/wp-content\/uploads\/Julian-768x1019.jpg 768w, https:\/\/www.tc-karlsruhe-west.de\/wp-content\/uploads\/Julian-543x720.jpg 543w, https:\/\/www.tc-karlsruhe-west.de\/wp-content\/uploads\/Julian.jpg 1287w\" sizes=\"(max-width: 150px) 100vw, 150px\" \/><\/strong><\/span><\/p>\r\n<p>&nbsp;<\/p>\r\n<p><span style=\"font-size: 20pt;\"><strong>Vize &#8211; Pr\u00e4sident<\/strong><\/span><\/p>\r\n<p><span style=\"font-size: 12pt;\">Julian Leinweber<br><\/span><br><span style=\"font-size: 12pt;\">E-Mail: vize-praesident@tc-karlsruhe-west.de<\/span><\/p>\r\n<p>&nbsp;<\/p>\r\n<p><span style=\"font-size: 20pt;\"><strong><img loading=\"lazy\" class=\"alignleft wp-image-5699\" src=\"http:\/\/www.tc-karlsruhe-west.de\/wp-content\/uploads\/Timo-202x300.jpeg\" alt=\"\" width=\"149\" height=\"221\"><\/strong><\/span><\/p>\r\n<p>&nbsp;<\/p>\r\n<p><span style=\"font-size: 20pt;\"><strong>Schatzmeister<\/strong><\/span><\/p>\r\n<p><span style=\"font-size: 12pt;\">Timo Reiser<br><\/span><br><span style=\"font-size: 12pt;\">E-Mail: schatzmeister@tc-karlsruhe-west.de<\/span><\/p>\r\n<p>&nbsp;<\/p>\r\n<p><span style=\"font-size: 20pt;\"><strong><br><img loading=\"lazy\" class=\"wp-image-5402  alignleft\" src=\"http:\/\/www.tc-karlsruhe-west.de\/wp-content\/uploads\/till_bild-239x300.jpg\" alt=\"\" width=\"147\" height=\"184\" srcset=\"https:\/\/www.tc-karlsruhe-west.de\/wp-content\/uploads\/till_bild-239x300.jpg 239w, https:\/\/www.tc-karlsruhe-west.de\/wp-content\/uploads\/till_bild-573x720.jpg 573w, https:\/\/www.tc-karlsruhe-west.de\/wp-content\/uploads\/till_bild-768x965.jpg 768w, https:\/\/www.tc-karlsruhe-west.de\/wp-content\/uploads\/till_bild-1223x1536.jpg 1223w, https:\/\/www.tc-karlsruhe-west.de\/wp-content\/uploads\/till_bild.jpg 1367w\" sizes=\"(max-width: 147px) 100vw, 147px\" \/><\/strong><\/span><\/p>\r\n<p><span style=\"font-size: 20pt;\"><strong>Sportlicher Leiter<\/strong><\/span><\/p>\r\n<p><span style=\"font-size: 12pt;\">Till Ascherl<br><\/span><br><span style=\"font-size: 12pt;\">E-Mail: sport@tc-karlsruhe-west.de<\/span><\/p>\r\n<p>&nbsp;<\/p>\r\n<p><span style=\"font-size: 20pt;\"><strong><img loading=\"lazy\" class=\"wp-image-5700  alignleft\" src=\"http:\/\/www.tc-karlsruhe-west.de\/wp-content\/uploads\/Vicky-233x300.jpg\" alt=\"\" width=\"144\" height=\"186\" srcset=\"https:\/\/www.tc-karlsruhe-west.de\/wp-content\/uploads\/Vicky-233x300.jpg 233w, https:\/\/www.tc-karlsruhe-west.de\/wp-content\/uploads\/Vicky.jpg 455w\" sizes=\"(max-width: 144px) 100vw, 144px\" \/><\/strong><\/span><\/p>\r\n<p>&nbsp;<\/p>\r\n<p><span style=\"font-size: 12pt;\"><span style=\"font-size: 20pt;\"><strong>Jugendwartin<\/strong><\/span><\/span><\/p>\r\n<p><span style=\"font-size: 12pt;\">Victoria Zambo<br><\/span><br><span style=\"font-size: 12pt;\">E-Mail: jugend@tc-karlsruhe-west.de<\/span><\/p>\r\n<p>&nbsp;<\/p>\r\n<p><span style=\"font-size: 20pt;\"><strong><img loading=\"lazy\" class=\"wp-image-5403  alignleft\" src=\"http:\/\/www.tc-karlsruhe-west.de\/wp-content\/uploads\/Vorstand-Lukas-png-210x300.png\" alt=\"\" width=\"145\" height=\"207\" srcset=\"https:\/\/www.tc-karlsruhe-west.de\/wp-content\/uploads\/Vorstand-Lukas-png-210x300.png 210w, https:\/\/www.tc-karlsruhe-west.de\/wp-content\/uploads\/Vorstand-Lukas-png-504x720.png 504w, https:\/\/www.tc-karlsruhe-west.de\/wp-content\/uploads\/Vorstand-Lukas-png-768x1098.png 768w, https:\/\/www.tc-karlsruhe-west.de\/wp-content\/uploads\/Vorstand-Lukas-png-1075x1536.png 1075w, https:\/\/www.tc-karlsruhe-west.de\/wp-content\/uploads\/Vorstand-Lukas-png-1433x2048.png 1433w, https:\/\/www.tc-karlsruhe-west.de\/wp-content\/uploads\/Vorstand-Lukas-png.png 1473w\" sizes=\"(max-width: 145px) 100vw, 145px\" \/><\/strong><\/span><\/p>\r\n<p>&nbsp;<\/p>\r\n<p><span style=\"font-size: 20pt;\"><strong>Pressereferent<\/strong><\/span><\/p>\r\n<p><span style=\"font-size: 12pt;\">Lukas Thaumiller<br><\/span><br><span style=\"font-size: 12pt;\">E-Mail: lukas.thaumiller@tc-karlsruhe-west.de<\/span><\/p>\r\n<p>&nbsp;<\/p>\r\n<p><span style=\"font-size: 20pt;\"><strong><img loading=\"lazy\" class=\"wp-image-5733  alignleft\" src=\"http:\/\/www.tc-karlsruhe-west.de\/wp-content\/uploads\/Lindi-200x300.jpeg\" alt=\"\" width=\"138\" height=\"207\" srcset=\"https:\/\/www.tc-karlsruhe-west.de\/wp-content\/uploads\/Lindi-200x300.jpeg 200w, https:\/\/www.tc-karlsruhe-west.de\/wp-content\/uploads\/Lindi-480x720.jpeg 480w, https:\/\/www.tc-karlsruhe-west.de\/wp-content\/uploads\/Lindi-768x1152.jpeg 768w, https:\/\/www.tc-karlsruhe-west.de\/wp-content\/uploads\/Lindi.jpeg 853w\" sizes=\"(max-width: 138px) 100vw, 138px\" \/><\/strong><\/span><\/p>\r\n<p>&nbsp;<\/p>\r\n<p><span style=\"font-size: 20pt;\"><strong>Schriftf\u00fchrer<\/strong><\/span><\/p>\r\n<p><span style=\"font-size: 12pt;\">Julian Lindmayer<br><\/span><br><span style=\"font-size: 12pt;\">E-Mail: schriftfuehrer@tc-karlsruhe-west.de<\/span><\/p>\r\n<p>&nbsp;<\/p>\r\n<p><span style=\"font-size: 20pt;\"><strong><img loading=\"lazy\" class=\"wp-image-5722  alignleft\" src=\"http:\/\/www.tc-karlsruhe-west.de\/wp-content\/uploads\/dana-216x300.jpg\" alt=\"\" width=\"139\" height=\"193\" srcset=\"https:\/\/www.tc-karlsruhe-west.de\/wp-content\/uploads\/dana-216x300.jpg 216w, https:\/\/www.tc-karlsruhe-west.de\/wp-content\/uploads\/dana-518x720.jpg 518w, https:\/\/www.tc-karlsruhe-west.de\/wp-content\/uploads\/dana-768x1068.jpg 768w, https:\/\/www.tc-karlsruhe-west.de\/wp-content\/uploads\/dana-1105x1536.jpg 1105w, https:\/\/www.tc-karlsruhe-west.de\/wp-content\/uploads\/dana.jpg 1150w\" sizes=\"(max-width: 139px) 100vw, 139px\" \/><\/strong><\/span><\/p>\r\n<p>&nbsp;<\/p>\r\n<p><span style=\"font-size: 20pt;\"><strong>Eventmanagerin<\/strong><\/span><\/p>\r\n<p><span style=\"font-size: 12pt;\">Dana Weber<\/span><\/p>\r\n<p>E-Mail: dana.weber@tc-karlsruhe-west.de<\/p>\r\n<p>&nbsp;<\/p>\r\n<p>&nbsp;<\/p>\r\n<table style=\"height: 42px;\" width=\"758\">\r\n<tbody>\r\n<tr>\r\n<td>Turnierleitung:&nbsp; &nbsp; &nbsp; &nbsp; &nbsp;&nbsp;<\/td>\r\n<td>Monika Matalla, Jens Matalla<\/td>\r\n<\/tr>\r\n<\/tbody>\r\n<\/table>\r\n<p class=\"p3\">Die Pr\u00e4sidiumsmitglieder und Aussch\u00fcsse werden alle zwei Jahre auf der Mitgliederversammlung gew\u00e4hlt.<\/p>\r\n\r\n<p>&nbsp;<\/p>\r\n","protected":false},"excerpt":{"rendered":"<p>Pr\u00e4sidentin Marlene KurtzE-Mail: praesident@tc-karlsruhe-west.de &nbsp; &nbsp; Vize &#8211; Pr\u00e4sident Julian LeinweberE-Mail: vize-praesident@tc-karlsruhe-west.de &nbsp; &nbsp; Schatzmeister Timo ReiserE-Mail: schatzmeister@tc-karlsruhe-west.de &nbsp; Sportlicher Leiter Till AscherlE-Mail: sport@tc-karlsruhe-west.de &nbsp; &nbsp; Jugendwartin Victoria ZamboE-Mail: jugend@tc-karlsruhe-west.de &nbsp; &nbsp; Pressereferent Lukas ThaumillerE-Mail: lukas.thaumiller@tc-karlsruhe-west.de &nbsp; &nbsp; Schriftf\u00fchrer Julian LindmayerE-Mail: schriftfuehrer@tc-karlsruhe-west.de &nbsp; &nbsp; Eventmanagerin Dana Weber E-Mail: dana.weber@tc-karlsruhe-west.de &nbsp; &nbsp; Turnierleitung:&nbsp; &nbsp; &nbsp; &nbsp; <a class=\"more-link\" href=\"https:\/\/www.tc-karlsruhe-west.de\/?page_id=40\">weiterlesen&#8230;<\/a><\/p>\n","protected":false},"author":1,"featured_media":0,"parent":0,"menu_order":0,"comment_status":"closed","ping_status":"closed","template":"","meta":{"_bbp_topic_count":0,"_bbp_reply_count":0,"_bbp_total_topic_count":0,"_bbp_total_reply_count":0,"_bbp_voice_count":0,"_bbp_anonymous_reply_count":0,"_bbp_topic_count_hidden":0,"_bbp_reply_count_hidden":0,"_bbp_forum_subforum_count":0,"ngg_post_thumbnail":0},"_links":{"self":[{"href":"https:\/\/www.tc-karlsruhe-west.de\/index.php?rest_route=\/wp\/v2\/pages\/40"}],"collection":[{"href":"https:\/\/www.tc-karlsruhe-west.de\/index.php?rest_route=\/wp\/v2\/pages"}],"about":[{"href":"https:\/\/www.tc-karlsruhe-west.de\/index.php?rest_route=\/wp\/v2\/types\/page"}],"author":[{"embeddable":true,"href":"https:\/\/www.tc-karlsruhe-west.de\/index.php?rest_route=\/wp\/v2\/users\/1"}],"replies":[{"embeddable":true,"href":"https:\/\/www.tc-karlsruhe-west.de\/index.php?rest_route=%2Fwp%2Fv2%2Fcomments&post=40"}],"version-history":[{"count":129,"href":"https:\/\/www.tc-karlsruhe-west.de\/index.php?rest_route=\/wp\/v2\/pages\/40\/revisions"}],"predecessor-version":[{"id":5736,"href":"https:\/\/www.tc-karlsruhe-west.de\/index.php?rest_route=\/wp\/v2\/pages\/40\/revisions\/5736"}],"wp:attachment":[{"href":"https:\/\/www.tc-karlsruhe-west.de\/index.php?rest_route=%2Fwp%2Fv2%2Fmedia&parent=40"}],"curies":[{"name":"wp","href":"https:\/\/api.w.org\/{rel}","templated":true}]}}