{"id":165,"date":"2016-08-05T17:56:45","date_gmt":"2016-08-05T15:56:45","guid":{"rendered":"http:\/\/www.tc-karlsruhe-west.de\/?page_id=165"},"modified":"2026-04-23T12:58:47","modified_gmt":"2026-04-23T10:58:47","slug":"trainerteam-2","status":"publish","type":"page","link":"https:\/\/www.tc-karlsruhe-west.de\/?page_id=165","title":{"rendered":"Trainerteam"},"content":{"rendered":"<p><span style=\"font-size: 20pt;\"><strong><img loading=\"lazy\" class=\"wp-image-270  alignleft\" src=\"http:\/\/www.tc-karlsruhe-west.de\/wp-content\/uploads\/Profilbild-Mann.jpg\" alt=\"\" width=\"139\" height=\"185\"><\/strong><\/span><\/p>\r\n<p><span style=\"font-size: 20pt;\"><strong>Jens Matalla<\/strong><\/span><\/p>\r\n<p><span style=\"font-size: 12pt;\">Tennistrainer mit A-Lizenz, staatlich gepr\u00fcfter Tennislehrer<br><\/span><br><span style=\"font-size: 12pt;\">E-Mail: mmatalla@t-online.de<\/span><\/p>\r\n<p>&nbsp;<\/p>\r\n<p><span style=\"font-size: 20pt;\"><strong><br><img loading=\"lazy\" class=\"alignleft wp-image-4753\" src=\"http:\/\/www.tc-karlsruhe-west.de\/wp-content\/uploads\/Leni-2018-1-275x300.jpg\" alt=\"Leni Sportwart TC West\" width=\"150\" height=\"200\"><\/strong><\/span><\/p>\r\n<p><span style=\"font-size: 20pt;\"><strong>Marlene Kurz<\/strong><\/span><\/p>\r\n<p><span style=\"font-size: 12pt;\">Tennistrainerin mit C-Lizenz<\/span><\/p>\r\n<p><span style=\"font-size: 12pt;\"><br><\/span><br><br><\/p>\r\n<p><span style=\"font-size: 20pt;\"><strong><img loading=\"lazy\" class=\"wp-image-270  alignleft\" src=\"http:\/\/www.tc-karlsruhe-west.de\/wp-content\/uploads\/Profilbild-Mann.jpg\" alt=\"\" width=\"139\" height=\"185\"><\/strong><\/span><\/p>\r\n<p>&nbsp;<\/p>\r\n<p><span style=\"font-size: 20pt;\"><strong>Gianni Gerndt<\/strong><\/span><\/p>\r\n<p><span style=\"font-size: 12pt;\">Tennistrainer mit B-Lizenz in Ausbildung<\/span><\/p>\r\n<p>&nbsp;<\/p>\r\n\r\n<p><span style=\"font-size: 20pt;\"><strong><img loading=\"lazy\" class=\"wp-image-270  alignleft\" src=\"http:\/\/www.tc-karlsruhe-west.de\/wp-content\/uploads\/Profilbild-Mann.jpg\" alt=\"\" width=\"139\" height=\"185\"><\/strong><\/span><\/p>\r\n<p>&nbsp;<\/p>\r\n<p><span style=\"font-size: 20pt;\"><strong>Lukas Thaumiller<\/strong><\/span><\/p>\r\n<p><span style=\"font-size: 12pt;\">Tennistrainer mit C-Lizenz<\/span><\/p>\r\n<p>&nbsp;<\/p>\r\n\r\n<p><span style=\"font-size: 20pt;\"><strong><img loading=\"lazy\" class=\"wp-image-270  alignleft\" src=\"http:\/\/www.tc-karlsruhe-west.de\/wp-content\/uploads\/Profilbild-Mann.jpg\" alt=\"\" width=\"139\" height=\"185\"><\/strong><\/span><\/p>\r\n<p>&nbsp;<\/p>\r\n<p><span style=\"font-size: 20pt;\"><strong>Gert Limpert<\/strong><\/span><\/p>\r\n<p><span style=\"font-size: 12pt;\">Vereinstrainer<\/span><\/p>\r\n<p>&nbsp;<\/p>\r\n\r\n<p><span style=\"font-size: 20pt;\"><strong><img loading=\"lazy\" class=\"wp-image-270  alignleft\" src=\"http:\/\/www.tc-karlsruhe-west.de\/wp-content\/uploads\/Profilbild-Mann.jpg\" alt=\"\" width=\"139\" height=\"185\"><\/strong><\/span><\/p>\r\n<p>&nbsp;<\/p>\r\n<p><span style=\"font-size: 20pt;\"><strong>Tobias Schlick<\/strong><\/span><\/p>\r\n<p><span style=\"font-size: 12pt;\">Tennistrainer mit C-Lizenz in Ausbildung<\/span><\/p>\r\n<p>&nbsp;<\/p>\r\n\r\n<p><span style=\"font-size: 20pt;\"><strong><img loading=\"lazy\" class=\"wp-image-270  alignleft\" src=\"http:\/\/www.tc-karlsruhe-west.de\/wp-content\/uploads\/Profilbild-Mann.jpg\" alt=\"\" width=\"139\" height=\"185\"><\/strong><\/span><\/p>\r\n<p>&nbsp;<\/p>\r\n<p><span style=\"font-size: 20pt;\"><strong>Laurin<\/strong><\/span><\/p>\r\n<p><span style=\"font-size: 12pt;\">Tennistrainer mit C-Lizenz in Ausbildung<\/span><\/p>\r\n<p>&nbsp;<\/p>\r\n\r\n<p><span style=\"font-size: 20pt;\"><strong><img loading=\"lazy\" class=\"wp-image-270  alignleft\" src=\"http:\/\/www.tc-karlsruhe-west.de\/wp-content\/uploads\/Profilbild-Mann.jpg\" alt=\"\" width=\"139\" height=\"185\"><\/strong><\/span><\/p>\r\n<p>&nbsp;<\/p>\r\n<p><span style=\"font-size: 20pt;\"><strong>Max<\/strong><\/span><\/p>\r\n<p><span style=\"font-size: 12pt;\">Vereinstrainer<\/span><\/p>\r\n<p>&nbsp;<\/p>\r\n\r\n<p><span style=\"font-size: 20pt;\"><strong><img loading=\"lazy\" class=\"wp-image-270  alignleft\" src=\"http:\/\/www.tc-karlsruhe-west.de\/wp-content\/uploads\/Profilbild-Mann.jpg\" alt=\"\" width=\"139\" height=\"185\"><\/strong><\/span><\/p>\r\n<p>&nbsp;<\/p>\r\n<p><span style=\"font-size: 20pt;\"><strong>Robin<\/strong><\/span><\/p>\r\n<p><span style=\"font-size: 12pt;\">Vereinstrainer<\/span><\/p>\r\n<p>&nbsp;<\/p>\r\n\r\n<p><span style=\"font-size: 20pt;\"><strong><img loading=\"lazy\" class=\"wp-image-270  alignleft\" src=\"http:\/\/www.tc-karlsruhe-west.de\/wp-content\/uploads\/Profilbild-Mann.jpg\" alt=\"\" width=\"139\" height=\"185\"><\/strong><\/span><\/p>\r\n<p>&nbsp;<\/p>\r\n<p><span style=\"font-size: 20pt;\"><strong>Florian<\/strong><\/span><\/p>\r\n<p><span style=\"font-size: 12pt;\">Vereinstrainer<\/span><\/p>\r\n<p>&nbsp;<\/p>\r\n\r\n<p><span style=\"font-size: 20pt;\"><strong><img loading=\"lazy\" class=\"wp-image-270  alignleft\" src=\"http:\/\/www.tc-karlsruhe-west.de\/wp-content\/uploads\/Profilbild-Mann.jpg\" alt=\"\" width=\"139\" height=\"185\"><\/strong><\/span><\/p>\r\n<p>&nbsp;<\/p>\r\n<p><span style=\"font-size: 20pt;\"><strong>Finn<\/strong><\/span><\/p>\r\n<p><span style=\"font-size: 12pt;\">Vereinstrainer<\/span><\/p>\r\n<p>&nbsp;<\/p>\r\n<\/p>\r\n<p><\/p>\r\n<p><\/p>\r\n<h4>&nbsp;<\/h4>\r\n<h4><strong>Vereinstrainer:<\/strong><\/h4>\r\n\r\n\r\n\r\n<ul>\r\n<li>Der Status &#8220;Vereinstrainer&#8221; wird nach Absprache vom Pr\u00e4sidium f\u00fcr ein Kalenderjahr vergeben.<\/li>\r\n<li>Ein Vereinstrainer ben\u00f6tigt keine Gastkarte f\u00fcr sich, wenn er\/sie privat Training gibt.<\/li>\r\n<li>Das Training durch einen Nicht-Vereinstrainer ist auf unseren Pl\u00e4tzen nicht gestattet.<\/li>\r\n<\/ul>\r\n\r\n\r\n\r\n<p>Kontaktieren Sie uns bei Fragen oder Interesse am Status Vereinstrainer gerne per Mail an &#8220;sport@tc-karlsruhe-west.de&#8221;.<\/p>\r\n<\/p>\r\n<p><\/p>\r\n<p><!-- wp:heading {\"level\":4} --><\/p>\r\n<p><!-- wp:heading {\"level\":4} --><\/p>\r\n<h4>&nbsp;<\/h4>\r\n<h4><strong>Vereinstrainer:<\/strong><\/h4>\r\n<!-- \/wp:heading -->\r\n\r\n<!-- wp:list -->\r\n<ul>\r\n<li>Der Status &#8220;Vereinstrainer&#8221; wird nach Absprache vom Pr\u00e4sidium f\u00fcr ein Kalenderjahr vergeben.<\/li>\r\n<li>Ein Vereinstrainer ben\u00f6tigt keine Gastkarte f\u00fcr sich, wenn er\/sie privat Training gibt.<\/li>\r\n<li>Das Training durch einen Nicht-Vereinstrainer ist auf unseren Pl\u00e4tzen nicht gestattet.<\/li>\r\n<\/ul>\r\n<!-- \/wp:list -->\r\n\r\n<!-- wp:paragraph -->\r\n<p>Kontaktieren Sie uns bei Fragen oder Interesse am Status Vereinstrainer gerne per Mail an &#8220;sport@tc-karlsruhe-west.de&#8221;.<\/p>\r\n<!-- \/wp:paragraph -->\r\n<p><\/p>\r\n<p><!-- wp:heading {\"level\":4} --><\/p>\r\n<p><!-- wp:heading {\"level\":4} --><\/p>\r\n<p><!-- wp:heading {\"level\":4} --><\/p>\r\n<h4>&nbsp;<\/h4>\r\n<h4><strong>Vereinstrainer:<\/strong><\/h4>\r\n<!-- \/wp:heading -->\r\n\r\n<!-- wp:list -->\r\n<ul>\r\n<li>Der Status &#8220;Vereinstrainer&#8221; wird nach Absprache vom Pr\u00e4sidium f\u00fcr ein Kalenderjahr vergeben.<\/li>\r\n<li>Ein Vereinstrainer ben\u00f6tigt keine Gastkarte f\u00fcr sich, wenn er\/sie privat Training gibt.<\/li>\r\n<li>Das Training durch einen Nicht-Vereinstrainer ist auf unseren Pl\u00e4tzen nicht gestattet.<\/li>\r\n<\/ul>\r\n<!-- \/wp:list -->\r\n\r\n<!-- wp:paragraph -->\r\n<p>Kontaktieren Sie uns bei Fragen oder Interesse am Status Vereinstrainer gerne per Mail an &#8220;sport@tc-karlsruhe-west.de&#8221;.<\/p>\r\n<!-- \/wp:paragraph -->\r\n\r\n\r\n<p><!-- wp:heading {\"level\":4} --><\/p>\r\n<p><!-- wp:heading {\"level\":4} --><\/p>\r\n<p><!-- wp:heading {\"level\":4} --><\/p>\r\n<p><!-- wp:heading {\"level\":4} --><\/p>\r\n<h4>&nbsp;<\/h4>\r\n<h4><strong>Vereinstrainer:<\/strong><\/h4>\r\n<!-- \/wp:heading -->\r\n\r\n<!-- wp:list -->\r\n<ul>\r\n<li>Der Status &#8220;Vereinstrainer&#8221; wird nach Absprache vom Pr\u00e4sidium f\u00fcr ein Kalenderjahr vergeben.<\/li>\r\n<li>Ein Vereinstrainer ben\u00f6tigt keine Gastkarte f\u00fcr sich, wenn er\/sie privat Training gibt.<\/li>\r\n<li>Das Training durch einen Nicht-Vereinstrainer ist auf unseren Pl\u00e4tzen nicht gestattet.<\/li>\r\n<\/ul>\r\n<!-- \/wp:list -->\r\n\r\n<!-- wp:paragraph -->\r\n<p>Kontaktieren Sie uns bei Fragen oder Interesse am Status Vereinstrainer gerne per Mail an &#8220;sport@tc-karlsruhe-west.de&#8221;.<\/p>\r\n<!-- \/wp:paragraph -->","protected":false},"excerpt":{"rendered":"<p>&nbsp; Vereinstrainer: Der Status &#8220;Vereinstrainer&#8221; wird nach Absprache vom Pr\u00e4sidium f\u00fcr ein Kalenderjahr vergeben. Ein Vereinstrainer ben\u00f6tigt keine Gastkarte f\u00fcr sich, wenn er\/sie privat Training gibt. Das Training durch einen Nicht-Vereinstrainer ist auf unseren Pl\u00e4tzen nicht gestattet. Kontaktieren Sie uns bei Fragen oder Interesse am Status Vereinstrainer gerne per Mail an &#8220;sport@tc-karlsruhe-west.de&#8221;. &nbsp; Vereinstrainer: Der <a class=\"more-link\" href=\"https:\/\/www.tc-karlsruhe-west.de\/?page_id=165\">weiterlesen&#8230;<\/a><\/p>\n","protected":false},"author":1,"featured_media":0,"parent":0,"menu_order":0,"comment_status":"closed","ping_status":"closed","template":"","meta":{"_bbp_topic_count":0,"_bbp_reply_count":0,"_bbp_total_topic_count":0,"_bbp_total_reply_count":0,"_bbp_voice_count":0,"_bbp_anonymous_reply_count":0,"_bbp_topic_count_hidden":0,"_bbp_reply_count_hidden":0,"_bbp_forum_subforum_count":0,"ngg_post_thumbnail":0},"_links":{"self":[{"href":"https:\/\/www.tc-karlsruhe-west.de\/index.php?rest_route=\/wp\/v2\/pages\/165"}],"collection":[{"href":"https:\/\/www.tc-karlsruhe-west.de\/index.php?rest_route=\/wp\/v2\/pages"}],"about":[{"href":"https:\/\/www.tc-karlsruhe-west.de\/index.php?rest_route=\/wp\/v2\/types\/page"}],"author":[{"embeddable":true,"href":"https:\/\/www.tc-karlsruhe-west.de\/index.php?rest_route=\/wp\/v2\/users\/1"}],"replies":[{"embeddable":true,"href":"https:\/\/www.tc-karlsruhe-west.de\/index.php?rest_route=%2Fwp%2Fv2%2Fcomments&post=165"}],"version-history":[{"count":106,"href":"https:\/\/www.tc-karlsruhe-west.de\/index.php?rest_route=\/wp\/v2\/pages\/165\/revisions"}],"predecessor-version":[{"id":5902,"href":"https:\/\/www.tc-karlsruhe-west.de\/index.php?rest_route=\/wp\/v2\/pages\/165\/revisions\/5902"}],"wp:attachment":[{"href":"https:\/\/www.tc-karlsruhe-west.de\/index.php?rest_route=%2Fwp%2Fv2%2Fmedia&parent=165"}],"curies":[{"name":"wp","href":"https:\/\/api.w.org\/{rel}","templated":true}]}}